{"id":1501,"date":"2019-01-22T17:24:17","date_gmt":"2019-01-22T16:24:17","guid":{"rendered":"https:\/\/www.mda-hdv.be\/?page_id=1501"},"modified":"2021-12-17T12:44:36","modified_gmt":"2021-12-17T11:44:36","slug":"news-news-news","status":"publish","type":"page","link":"https:\/\/www.mda-hdv.be\/fr\/news-news-news\/","title":{"rendered":"OLDER NEWS"},"content":{"rendered":"<div class=\"wpb-content-wrapper\"><p>[vc_row margin_top=\u00a0\u00bb-100&Prime;][vc_column css=\u00a0\u00bb.vc_custom_1548694420990{border-radius: 3px !important;}\u00a0\u00bb][vc_column_text css=\u00a0\u00bb.vc_custom_1639741471257{margin-left: -20px !important;}\u00a0\u00bb]<\/p>\n<h5 style=\"text-align: left;\"><strong><span style=\"color: #000000;\">27 mars 2021<\/span><\/strong><\/h5>\n<p><strong>Assembl\u00e9e g\u00e9n\u00e9rale 2021.<\/strong><\/p>\n<p>L&rsquo;Organe d&rsquo;administration a pris la d\u00e9cision d&rsquo;organiser l&rsquo;Assembl\u00e9e g\u00e9n\u00e9rale <strong>le samedi 26 juin 2021 \u00e0 11 heures<\/strong> dans la salle Leboutte, si les mesures sanitaires le permettent. (si l&rsquo;AG ne peut avoir lieu \u00e0 cette date, vous en serez inform\u00e9 en temps utile.)<\/p>\n<p>Lors de cette r\u00e9union, les nouveaux statuts seront propos\u00e9s \u00e0 l&rsquo;approbation de l&rsquo;Assembl\u00e9e G\u00e9n\u00e9rale. L&rsquo;approbation des statuts n\u00e9cessite l&rsquo;approbation par 2\/3 des membres effectifs de la MDA. Si ce quota n&rsquo;est pas atteint, une AG extraordinaire aura lieu le mercredi 13 octobre \u00a02021 \u00e0 16Hr00 pour voter les statuts.<\/p>\n<p><strong>La proposition de nouveaux statuts se trouve <a href=\"https:\/\/www.mda-hdv.be\/wp-content\/uploads\/2021\/03\/VERSION-Fr-15-FEV-2021.pdf\">sur cette page<\/a><\/strong><\/p>\n<p><strong>Vous pouvez trouver l&rsquo;invitation \u00e0 l&rsquo;AG \u00a0<a href=\"https:\/\/www.mda-hdv.be\/wp-content\/uploads\/2021\/03\/21-01-Encart-Jan-2021.pdf\">ICI en fin du document.<\/a><\/strong><\/p>\n<h5 style=\"text-align: left;\"><strong><span style=\"color: #000000;\">20 janvier 2021<\/span><\/strong><\/h5>\n<p>En ces p\u00e9riodes de Covid-19, le bar, le restaurant et les salles de r\u00e9union sont \u00a0ferm\u00e9es jusqu&rsquo;\u00e0 nouvel ordre.<\/p>\n<p>Les mesures en vigueur concernant le Covid-19 continuent d&rsquo;\u00eatre appliqu\u00e9es \u00e0 la lettre. Elles sont reprises <a href=\"https:\/\/www.info-coronavirus.be\/fr\/faq\/\">ICI.\u00a0<\/a><\/p>\n<p>Les mesures compl\u00e9mentaires pour Bruxelles se trouvent <a href=\"https:\/\/rudivervoort.brussels\/news_\/pandemie-coronavirus-covid-19-prolongation-des-mesures-bruxelloises-pour-lutter-contre-la-propagation-du-virus\/\">ICI<\/a>.<\/p>\n<p>Tout renseignement compl\u00e9mentaire ou toute nouvelle \u00a0r\u00e9servation seront demand\u00e9s au Secr\u00e9taire g\u00e9n\u00e9ral Nicolas Minguet:<\/p>\n<p>Email: mdahdv@gmail.com<br \/>\nGsm : 0477\/18 38 03<\/p>\n<h5 style=\"text-align: left;\"><span style=\"color: #000000;\"><strong>01 octobre\u00a02020<\/strong><\/span><\/h5>\n<p>Notre g\u00e9rant Mr Hieu Nguyen a quitt\u00e9 la Maison des Ailes le 30 septembre dernier.<br \/>\nEtant donn\u00e9 la crise engendr\u00e9e par le Covid-19 dans le domaine HORECA, le rempla\u00e7ant a demand\u00e9 un d\u00e9lais pour la reprise.<br \/>\nEntretemps, l\u2019Organe d\u2019Administration de la Maison des Ailes continuera \u00e0 assurer le fonctionnement de La Maison pour les associations li\u00e9es \u00e0 la Maison des Ailes et pour les locataires.<br \/>\nSeront possibles: des r\u00e9unions dans la Grande Salle, dans la Salle du Conseil et dans la petite salle de r\u00e9union du 2\u00e8me \u00e9tage.<\/p>\n<p><strong>En ces p\u00e9riodes de Covid-19, le bar et le restaurant seront ferm\u00e9s jusqu&rsquo;\u00e0 nouvel ordre.<\/strong><\/p>\n<p>En ce moment les possibilit\u00e9s d\u2019utilisation du bar et d&rsquo;offrir des repas \u00e0 nos associations sont examin\u00e9es.<br \/>\n<strong>Les r\u00e8gles en vigueur concernant le Covid-19 seront appliqu\u00e9es \u00e0 la lettre.<\/strong><br \/>\nTout renseignement compl\u00e9mentaire ou toute nouvelle \u00a0r\u00e9servation seront demand\u00e9s au Secr\u00e9taire g\u00e9n\u00e9ral Nicolas Minguet:<\/p>\n<p>Email: mdahdv@gmail.com<br \/>\nGsm : 0477\/18 38 03<\/p>\n<h5 style=\"text-align: left;\"><\/h5>\n<h5 style=\"text-align: left;\"><strong>\u00a012\/12\/2019<\/strong><\/h5>\n<h5 style=\"text-align: left;\">\u00a0 \u00a0 \u00a0 \u00a0 \u00a0 \u00a0Drink de Nouvel-an<\/h5>\n<p style=\"text-align: left;\">Le pr\u00e9sident et les membres du Conseil d&rsquo;administration de La Maison des Ailes ont le plaisir d&rsquo;inviter tous les membres au drink de nouvel-an qui se tiendra au bar le 8 janvier de 11Hr30 \u00e0 13Hr00. Ce drink est organis\u00e9 en collaboration avec les \u00ab\u00a0Vieilles Tiges\u00a0\u00bb.<\/p>\n<p>[\/vc_column_text][vc_column_text css=\u00a0\u00bb.vc_custom_1616778009690{margin-left: -20px !important;}\u00a0\u00bb]<\/p>\n<h5 style=\"text-align: left;\"><strong> \u00a030\/11\/2019<\/strong><\/h5>\n<h5 style=\"text-align: left;\">\u00a0 \u00a0 \u00a0 \u00a0 \u00a0 \u00a0C\u00e9r\u00e9monie de Remise du Prix Marie Monseur-Fontaine 2019<\/h5>\n<p style=\"text-align: left;\">La c\u00e9r\u00e9monie de remise du Prix Marie Monseur-Fontaine a eu \u00a0lieu le 30 novembre 2019 dans la salle Leboutte de la Maison des Ailes. <a href=\"https:\/\/www.mda-hdv.be\/fr\/prix-mmf-2019\/\">Lire plus&#8230;.<\/a><\/p>\n<p>&nbsp;<\/p>\n<div id=\"ConnectiveDocSignExtentionInstalled\" data-extension-version=\"1.0.4\"><\/div>\n<p>[\/vc_column_text][vc_column_text css=\u00a0\u00bb.vc_custom_1616777901534{margin-left: -20px !important;}\u00a0\u00bb]<\/p>\n<h5 style=\"text-align: left;\"><strong>28\/06\/2019<\/strong><\/h5>\n<h5 style=\"text-align: left;\">\u00a0 \u00a0 \u00a0 \u00a0 \u00a0 \u00a0Remise du Prix Marie Monseur-Fontaine 2019<\/h5>\n<p style=\"text-align: left;\">La c\u00e9r\u00e9monie de remise du Prix Marie Monseur-Fontaine aura lieu le 30 novembre 2019 dans la salle Leboutte de la Maison des Ailes.<br \/>\nTous les membres de la Maison des Ailes sont chaleureusement invit\u00e9s \u00e0 y assister. Des invitations personnelles seront envoy\u00e9es en temps utile.<\/p>\n<div id=\"ConnectiveDocSignExtentionInstalled\" data-extension-version=\"1.0.4\"><\/div>\n<p>[\/vc_column_text][vc_column_text css=\u00a0\u00bb.vc_custom_1616777702004{margin-left: -20px !important;}\u00a0\u00bb]<\/p>\n<h5 style=\"text-align: left;\"><strong>\u00a027\/03\/2019<\/strong><\/h5>\n<h5 style=\"text-align: left;\">\u00a0 \u00a0 \u00a0 \u00a0 \u00a0 \u00a0Laur\u00e9at Prix Marie Monseur-Fontaine 2019<\/h5>\n<p style=\"text-align: left;\">Le Conseil d&rsquo;Administration de La Maison des Ailes a d\u00e9sign\u00e9 le \u00a0Commandant Aviateur G\u00fcnther VANDEPUTTE, pilote du 10\u00e8me Wing Tactique de la Composante Air, comme laur\u00e9at du Prix Marie Monseur-Fontaine 2018.<br \/>\nNos chaleureuses f\u00e9licitations \u00e0 \u00ab\u00a0Gunny\u00a0\u00bb.<br \/>\nLa remise du Prix au laur\u00e9at aura lieu lors d&rsquo;une c\u00e9r\u00e9monie qui se tiendra \u00e0 La Maison des Ailes dans le courant du dernier trimestre 2019, en pr\u00e9sence de nombreuses autorit\u00e9s du monde de l&rsquo;aviation. La date sera communiqu\u00e9e ult\u00e9rieurement.<\/p>\n<div id=\"ConnectiveDocSignExtentionInstalled\" data-extension-version=\"1.0.4\"><\/div>\n<div id=\"ConnectiveDocSignExtentionInstalled\" data-extension-version=\"1.0.4\"><\/div>\n<p>[\/vc_column_text][vc_column_text css=\u00a0\u00bb.vc_custom_1576856145856{margin-left: -20px !important;}\u00a0\u00bb]<\/p>\n<h5 style=\"text-align: left;\"><strong>\u00a001\/12\/2018<\/strong><\/h5>\n<h5 style=\"text-align: left;\">Nouveau locataire du Duplex 6&amp;7\u00e8me \u00e9tage.<\/h5>\n<p style=\"text-align: left;\">L\u2019appartement Duplex a \u00e9t\u00e9 compl\u00e8tement r\u00e9nov\u00e9 et mis aux normes durant les mois d\u2019octobre et novembre.<br \/>\nUn nouveau locataire s\u2019est rapidement manifest\u00e9 en la personne de Monsieur Wouter Van Der Veken, avocat.<br \/>\nNous lui souhaitons la bienvenue \u00e0 La Maison des Ailes.[\/vc_column_text][vc_column_text]<\/p>\n<h5><strong>01\/12\/2018<\/strong><\/h5>\n<h5>D\u00e9c\u00e8s de notre pr\u00e9sident d\u2019honneur.<\/h5>\n<p style=\"padding-left: 40px;\">Notre ancien pr\u00e9sident et pr\u00e9sident d\u2019honneur, le G\u00e9n\u00e9ral major aviateur en retraite Camille Goossens vient de nous quitter ce 1 d\u00e9cembre \u00e0 l\u2019age de 83 ans.<br \/>\nLes fun\u00e9railles ont eu lieu \u00e0 Halle en la Basilique Sint Martinus le vendredi 7 d\u00e9cembre.Camille Goossens a \u00e9t\u00e9 pr\u00e9sident du conseil d\u2019administration de La Maison des Ailes \u00a0durant 22 ans, de 1995 \u00e0 2017.<br \/>\nLe pr\u00e9sident ainsi que tous les membres de la Maison des Ailes pr\u00e9sentent \u00e0 la famille leur plus sinc\u00e8res condol\u00e9ances.[\/vc_column_text][vc_column_text]<\/p>\n<div>\n<h5>01\/09\/2018<\/h5>\n<h5>Augmentation du montant du Prix Marie Monseur-Fontaine<\/h5>\n<\/div>\n<p>En r\u00e9union du 30 ao\u00fbt 2018, le Conseil d&rsquo;Administration a d\u00e9cid\u00e9 de porter le montant du Prix MMF \u00e0 2.500\u20ac au lieu des 1.250\u20ac jusqu&rsquo;\u00e0 pr\u00e9sent. Plus de d\u00e9tails dans la rubrique <a href=\"https:\/\/www.mda-hdv.be\/fr\/page-d-exemple-2-2\/\">\u00ab\u00a0PRIX MARIE MONSEUR-FONTAINE\u00a0\u00bb<\/a><\/p>\n<h5><\/h5>\n<p>[\/vc_column_text][\/vc_column][\/vc_row][vc_row][vc_column][vc_single_image image=\u00a0\u00bb592&Prime; img_size=\u00a0\u00bbmedium\u00a0\u00bb alignment=\u00a0\u00bbcenter\u00a0\u00bb][\/vc_column][\/vc_row]<\/p>\n<\/div>","protected":false},"excerpt":{"rendered":"<p>[vc_row margin_top=\u00a0\u00bb-100&Prime;][vc_column css=\u00a0\u00bb.vc_custom_1548694420990{border-radius: 3px !important;}\u00a0\u00bb][vc_column_text css=\u00a0\u00bb.vc_custom_1639741471257{margin-left: -20px !important;}\u00a0\u00bb] 27 mars 2021 Assembl\u00e9e g\u00e9n\u00e9rale 2021. L&rsquo;Organe d&rsquo;administration a pris la d\u00e9cision d&rsquo;organiser l&rsquo;Assembl\u00e9e g\u00e9n\u00e9rale le samedi 26 juin 2021 \u00e0 11 heures dans la salle Leboutte, si les mesures sanitaires le permettent. (si l&rsquo;AG ne peut avoir lieu \u00e0 cette date, vous en serez inform\u00e9 en&hellip;<\/p>\n","protected":false},"author":1,"featured_media":0,"parent":0,"menu_order":0,"comment_status":"closed","ping_status":"closed","template":"","meta":{"om_disable_all_campaigns":false,"_monsterinsights_skip_tracking":false,"_monsterinsights_sitenote_active":false,"_monsterinsights_sitenote_note":"","_monsterinsights_sitenote_category":0,"_uf_show_specific_survey":0,"_uf_disable_surveys":false,"footnotes":""},"class_list":["post-1501","page","type-page","status-publish","hentry","description-off"],"aioseo_notices":[],"_links":{"self":[{"href":"https:\/\/www.mda-hdv.be\/fr\/wp-json\/wp\/v2\/pages\/1501","targetHints":{"allow":["GET"]}}],"collection":[{"href":"https:\/\/www.mda-hdv.be\/fr\/wp-json\/wp\/v2\/pages"}],"about":[{"href":"https:\/\/www.mda-hdv.be\/fr\/wp-json\/wp\/v2\/types\/page"}],"author":[{"embeddable":true,"href":"https:\/\/www.mda-hdv.be\/fr\/wp-json\/wp\/v2\/users\/1"}],"replies":[{"embeddable":true,"href":"https:\/\/www.mda-hdv.be\/fr\/wp-json\/wp\/v2\/comments?post=1501"}],"version-history":[{"count":0,"href":"https:\/\/www.mda-hdv.be\/fr\/wp-json\/wp\/v2\/pages\/1501\/revisions"}],"wp:attachment":[{"href":"https:\/\/www.mda-hdv.be\/fr\/wp-json\/wp\/v2\/media?parent=1501"}],"curies":[{"name":"wp","href":"https:\/\/api.w.org\/{rel}","templated":true}]}}