{"id":365,"date":"2017-07-25T16:52:18","date_gmt":"2017-07-25T14:52:18","guid":{"rendered":"http:\/\/www.mda-hdv.be\/?page_id=365"},"modified":"2023-05-23T11:45:04","modified_gmt":"2023-05-23T09:45:04","slug":"nos-facilites","status":"publish","type":"page","link":"https:\/\/www.mda-hdv.be\/fr\/nos-facilites\/","title":{"rendered":"Nos facilit\u00e9s"},"content":{"rendered":"<div class=\"wpb-content-wrapper\"><p>[vc_row][vc_column][\/vc_column][vc_column width=\u00a0\u00bb2\/3&Prime;][vc_column_text]<\/p>\n<p style=\"text-align: justify;\">La Maison des Ailes\u00a0met \u00e0 dispositions de ses membres et de leurs\u00a0amis, une infrastructure pour des r\u00e9unions, des banquets, des c\u00e9r\u00e9monies, des s\u00e9ances acad\u00e9miques et de la restauration.<br \/>\nCette infrastructure est g\u00e9r\u00e9e par une gestionnaire,<strong> Fati,<\/strong> sous la d\u00e9nomination de <strong>Terra Nostra<\/strong>.<\/p>\n<p><span style=\"color: #0000ff;\"><em>Cliquez sur les photos pour les agrandir.<\/em><\/span><\/p>\n<div id=\"ConnectiveDocSignExtentionInstalled\" data-extension-version=\"1.0.4\"><\/div>\n<div id=\"ConnectiveDocSignExtentionInstalled\" data-extension-version=\"1.0.4\"><\/div>\n<p>[\/vc_column_text][vc_media_grid initial_loading_animation=\u00a0\u00bbnone\u00a0\u00bb grid_id=\u00a0\u00bbvc_gid:1684834941532-ad3755c06da6d7e0184d5404ab0c3f2d-3&Prime; include=\u00a0\u00bb1320,2474,2462&Prime;][\/vc_column][vc_column parallax=\u00a0\u00bbcontent-moving\u00a0\u00bb width=\u00a0\u00bb1\/3&Prime;][vc_media_grid element_width=\u00a0\u00bb12&Prime; gap=\u00a0\u00bb0&Prime; initial_loading_animation=\u00a0\u00bbnone\u00a0\u00bb grid_id=\u00a0\u00bbvc_gid:1684834941594-d0181a11922f3ea01c72b9fc970b36bb-10&Prime; include=\u00a0\u00bb2472&Prime; css=\u00a0\u00bb.vc_custom_1674294337657{padding-top: 5px !important;}\u00a0\u00bb][\/vc_column][\/vc_row][vc_row][vc_column width=\u00a0\u00bb1\/4&Prime;][vc_single_image image=\u00a0\u00bb350&Prime; img_size=\u00a0\u00bbmedium\u00a0\u00bb style=\u00a0\u00bbvc_box_shadow_3d\u00a0\u00bb onclick=\u00a0\u00bbimg_link_large\u00a0\u00bb][vc_column_text][\/vc_column_text][\/vc_column][vc_column width=\u00a0\u00bb3\/4&Prime;][vc_column_text]<\/p>\n<p style=\"text-align: justify;\"><strong>La salle LEBOUTTE<\/strong>, du nom du premier Pr\u00e9sident de la MDA, aussi appel\u00e9e \u00ab\u00a0salle Le D\u00f4me\u00a0\u00bb par notre g\u00e9rante, se situe au rez-de-chauss\u00e9e et peut accueillir au maximum 120 personnes pour des r\u00e9unions ou des banquets. Elle dispose d&rsquo;un \u00e9quipement de projection.<\/p>\n<p><span style=\"color: #993366;\"><strong>La Mezzanine (balcon) sert de restaurant .<br \/>\nIl est UNIQUEMENT ouvert SUR R\u00c9SERVATION du lundi au vendredi et vous propose une carte restreinte.<\/strong><\/span><\/p>\n<h4 style=\"text-align: left;\"><\/h4>\n<p>&nbsp;<\/p>\n<h4><\/h4>\n<div id=\"ConnectiveDocSignExtentionInstalled\" data-extension-version=\"1.0.4\"><\/div>\n<p>[\/vc_column_text][vc_media_grid element_width=\u00a0\u00bb3&Prime; initial_loading_animation=\u00a0\u00bbnone\u00a0\u00bb grid_id=\u00a0\u00bbvc_gid:1684834941833-ef20c996c20fe7b4f41fcaf1ceea34a4-8&Prime; include=\u00a0\u00bb1332,1330,3029,1326&Prime;][\/vc_column][\/vc_row][vc_row][vc_column width=\u00a0\u00bb1\/3&Prime;][vc_single_image image=\u00a0\u00bb2649&Prime; img_size=\u00a0\u00bbmedium\u00a0\u00bb alignment=\u00a0\u00bbcenter\u00a0\u00bb style=\u00a0\u00bbvc_box_shadow_3d\u00a0\u00bb onclick=\u00a0\u00bbimg_link_large\u00a0\u00bb][\/vc_column][vc_column width=\u00a0\u00bb1\/3&Prime;][vc_column_text]<strong>Le Bar<\/strong> de la Maison, \u00a0typiquement d\u00e9cor\u00e9 \u00ab\u00a0aviation\u00a0\u00bb vient d&rsquo;\u00eatre compl\u00e8tement r\u00e9nov\u00e9 et \u00ab\u00a0rhabill\u00e9\u00a0\u00bb.<\/p>\n<p><strong>.<\/strong><\/p>\n<p>&nbsp;<\/p>\n<div id=\"ConnectiveDocSignExtentionInstalled\" data-extension-version=\"1.0.4\"><\/div>\n<div id=\"ConnectiveDocSignExtentionInstalled\" data-extension-version=\"1.0.4\"><\/div>\n<p>[\/vc_column_text][\/vc_column][vc_column width=\u00a0\u00bb1\/3&Prime;][vc_single_image image=\u00a0\u00bb2651&Prime; img_size=\u00a0\u00bbmedium\u00a0\u00bb add_caption=\u00a0\u00bbyes\u00a0\u00bb alignment=\u00a0\u00bbcenter\u00a0\u00bb style=\u00a0\u00bbvc_box_shadow_3d\u00a0\u00bb onclick=\u00a0\u00bbimg_link_large\u00a0\u00bb][\/vc_column][\/vc_row][vc_row][vc_column width=\u00a0\u00bb3\/4&Prime;][vc_column_text]<\/p>\n<div><\/div>\n<p><strong>Les salles de r\u00e9unions<\/strong><\/p>\n<p style=\"text-align: justify;\">Une petite salle de r\u00e9union situ\u00e9e au 2i\u00e8me \u00e9tage est \u00e9quip\u00e9e d&rsquo;une table de r\u00e9union autour de laquelle un maximum de 12 personnes peuvent prendre place. Elle dispose d&rsquo;un \u00e9cran de projection.<\/p>\n<p style=\"text-align: justify;\">Dans la Salle du Conseil r\u00e9cemment r\u00e9nov\u00e9e, peuvent se tenir des r\u00e9unions de 25 participants. Elle est \u00e9quip\u00e9e d&rsquo;un \u00e9cran de projection digital.<\/p>\n<div id=\"ConnectiveDocSignExtentionInstalled\" data-extension-version=\"1.0.4\"><\/div>\n<p>[\/vc_column_text][\/vc_column][vc_column width=\u00a0\u00bb1\/4&Prime;][vc_single_image image=\u00a0\u00bb125&Prime; img_size=\u00a0\u00bbmedium\u00a0\u00bb alignment=\u00a0\u00bbcenter\u00a0\u00bb style=\u00a0\u00bbvc_box_shadow_3d\u00a0\u00bb onclick=\u00a0\u00bbimg_link_large\u00a0\u00bb css=\u00a0\u00bb.vc_custom_1547984651825{margin-top: -20px !important;padding-top: -20px !important;padding-right: 40px !important;padding-left: 40px !important;}\u00a0\u00bb][vc_single_image image=\u00a0\u00bb2768&Prime; img_size=\u00a0\u00bbmedium\u00a0\u00bb alignment=\u00a0\u00bbcenter\u00a0\u00bb style=\u00a0\u00bbvc_box_shadow_3d\u00a0\u00bb onclick=\u00a0\u00bbimg_link_large\u00a0\u00bb css=\u00a0\u00bb.vc_custom_1642779149297{margin-top: -20px !important;padding-top: -20px !important;padding-right: 40px !important;padding-left: 40px !important;}\u00a0\u00bb][\/vc_column][vc_column][vc_column_text]<span style=\"color: #3366ff;\"><strong>Prix de location des salles et du bar<br \/>\n&#8211;<a href=\"https:\/\/www.mda-hdv.be\/wp-content\/uploads\/2023\/02\/Prix-location-des-salles_GERANT_Fevrier-2023.pdf\" target=\"_blank\" rel=\"noopener\"> pour les associations li\u00e9es \u00e0 La Maison des Ailes<\/a><\/strong><\/span><\/p>\n<p>&#8211; <span style=\"color: #3366ff;\"><strong>pour les autres clients, contacter le g\u00e9rant.<\/strong><\/span>[\/vc_column_text][\/vc_column][\/vc_row][vc_row][vc_column][vc_column_text]<\/p>\n<p style=\"text-align: justify;\">La <strong>\u00ab\u00a0rotonde\u00a0\u00bb<\/strong> qui se trouve entre la salle Leboutte et la Salle du Conseil devient le mus\u00e9e de La Maison des Ailes.<\/p>\n<div id=\"ConnectiveDocSignExtentionInstalled\" data-extension-version=\"1.0.4\"><\/div>\n<div id=\"ConnectiveDocSignExtentionInstalled\" data-extension-version=\"1.0.4\"><\/div>\n<p>[\/vc_column_text][\/vc_column][\/vc_row][vc_row][vc_column width=\u00a0\u00bb1\/2&Prime;][vc_single_image image=\u00a0\u00bb2539&Prime; img_size=\u00a0\u00bb300X400&Prime; alignment=\u00a0\u00bbcenter\u00a0\u00bb onclick=\u00a0\u00bbimg_link_large\u00a0\u00bb][\/vc_column][vc_column width=\u00a0\u00bb1\/2&Prime;][vc_single_image image=\u00a0\u00bb2541&Prime; img_size=\u00a0\u00bblarge\u00a0\u00bb][\/vc_column][vc_column][vc_column_text css=\u00a0\u00bb.vc_custom_1634833745529{background-color: #fcf7a1 !important;}\u00a0\u00bb]<strong>Notre ancien restaurant qui se trouvait en sous-sol ,ne sera d\u00e9sormais plus exploit\u00e9 comme tel. Il ne correspond plus aux normes de s\u00e9curit\u00e9 en vigueur.<\/strong><br \/>\n<strong>Les fresques qui en tapissaient les murs ont \u00e9t\u00e9 photographi\u00e9es et seront bient\u00f4t mises sous cadres qui seront plac\u00e9s \u00e0 diff\u00e9rents \u00a0endroits dans la Maison.<\/strong>[\/vc_column_text][\/vc_column][\/vc_row][vc_row][vc_column][vc_column_text]<\/p>\n<h4 id=\"ConnectiveDocSignExtentionInstalled\" style=\"text-align: center;\" data-extension-version=\"1.0.4\"><\/h4>\n<h3 style=\"text-align: center;\"><strong><span style=\"color: #3366ff;\">Pour la r\u00e9servation des salles et de la restauration:<\/span><\/strong><\/h3>\n<h4 style=\"text-align: center;\">terra.nostra.resto@gmail.com. \u00a0 \u00a0 \u00a0 \u00a0 \u00a0 \u00a0 +32 493 03 82 82<\/h4>\n<p>[\/vc_column_text][\/vc_column][\/vc_row][vc_row][vc_column][\/vc_column][\/vc_row]<\/p>\n<\/div>","protected":false},"excerpt":{"rendered":"<p>[vc_row][vc_column][\/vc_column][vc_column width=\u00a0\u00bb2\/3&Prime;][vc_column_text] La Maison des Ailes\u00a0met \u00e0 dispositions de ses membres et de leurs\u00a0amis, une infrastructure pour des r\u00e9unions, des banquets, des c\u00e9r\u00e9monies, des s\u00e9ances acad\u00e9miques et de la restauration. Cette infrastructure est g\u00e9r\u00e9e par une gestionnaire, Fati, sous la d\u00e9nomination de Terra Nostra. Cliquez sur les photos pour les agrandir. [\/vc_column_text][vc_media_grid initial_loading_animation=\u00a0\u00bbnone\u00a0\u00bb grid_id=\u00a0\u00bbvc_gid:1684834941532-ad3755c06da6d7e0184d5404ab0c3f2d-3&Prime; include=\u00a0\u00bb1320,2474,2462&Prime;][\/vc_column][vc_column&hellip;<\/p>\n","protected":false},"author":1,"featured_media":0,"parent":0,"menu_order":0,"comment_status":"closed","ping_status":"closed","template":"","meta":{"om_disable_all_campaigns":false,"_monsterinsights_skip_tracking":false,"_monsterinsights_sitenote_active":false,"_monsterinsights_sitenote_note":"","_monsterinsights_sitenote_category":0,"_uf_show_specific_survey":0,"_uf_disable_surveys":false,"footnotes":""},"class_list":["post-365","page","type-page","status-publish","hentry","description-off"],"aioseo_notices":[],"_links":{"self":[{"href":"https:\/\/www.mda-hdv.be\/fr\/wp-json\/wp\/v2\/pages\/365","targetHints":{"allow":["GET"]}}],"collection":[{"href":"https:\/\/www.mda-hdv.be\/fr\/wp-json\/wp\/v2\/pages"}],"about":[{"href":"https:\/\/www.mda-hdv.be\/fr\/wp-json\/wp\/v2\/types\/page"}],"author":[{"embeddable":true,"href":"https:\/\/www.mda-hdv.be\/fr\/wp-json\/wp\/v2\/users\/1"}],"replies":[{"embeddable":true,"href":"https:\/\/www.mda-hdv.be\/fr\/wp-json\/wp\/v2\/comments?post=365"}],"version-history":[{"count":1,"href":"https:\/\/www.mda-hdv.be\/fr\/wp-json\/wp\/v2\/pages\/365\/revisions"}],"predecessor-version":[{"id":3129,"href":"https:\/\/www.mda-hdv.be\/fr\/wp-json\/wp\/v2\/pages\/365\/revisions\/3129"}],"wp:attachment":[{"href":"https:\/\/www.mda-hdv.be\/fr\/wp-json\/wp\/v2\/media?parent=365"}],"curies":[{"name":"wp","href":"https:\/\/api.w.org\/{rel}","templated":true}]}}