{"id":681,"date":"2017-08-08T09:59:41","date_gmt":"2017-08-08T07:59:41","guid":{"rendered":"http:\/\/www.mda-hdv.be\/?page_id=681"},"modified":"2019-08-25T18:00:44","modified_gmt":"2019-08-25T16:00:44","slug":"historique","status":"publish","type":"page","link":"https:\/\/www.mda-hdv.be\/fr\/historique\/","title":{"rendered":"Historique"},"content":{"rendered":"<div class=\"wpb-content-wrapper\"><p>[vc_row margin_top=\u00a0\u00bb50&Prime; css=\u00a0\u00bb.vc_custom_1500827229081{margin-bottom: 50px !important;}\u00a0\u00bb][vc_column css_animation=\u00a0\u00bbtop-to-bottom\u00a0\u00bb width=\u00a0\u00bb1\/4&Prime; css=\u00a0\u00bb.vc_custom_1548178590594{border-top-width: 1px !important;border-right-width: 1px !important;border-bottom-width: 1px !important;border-left-width: 1px !important;background-color: rgba(166,221,221,0.34) !important;*background-color: rgb(166,221,221) !important;border-left-color: #7098bf !important;border-left-style: solid !important;border-right-color: #7098bf !important;border-right-style: solid !important;border-top-color: #7098bf !important;border-top-style: solid !important;border-bottom-color: #7098bf !important;border-bottom-style: solid !important;border-radius: 5px !important;}\u00a0\u00bb][vc_column_text css=\u00a0\u00bb.vc_custom_1540650795357{background-position: center !important;background-repeat: no-repeat !important;background-size: contain !important;}\u00a0\u00bb]<\/p>\n<h3 style=\"text-align: center;\">Les pr\u00e9sidents de la Maison des Ailes<br \/>\n<strong>au fil du temps<\/strong><\/h3>\n<h3 style=\"text-align: center;\"><\/h3>\n<p>[\/vc_column_text][vc_single_image image=\u00a0\u00bb343&Prime; img_size=\u00a0\u00bbmedium\u00a0\u00bb add_caption=\u00a0\u00bbyes\u00a0\u00bb alignment=\u00a0\u00bbcenter\u00a0\u00bb style=\u00a0\u00bbvc_box_shadow_3d\u00a0\u00bb onclick=\u00a0\u00bblink_image\u00a0\u00bb css=\u00a0\u00bb.vc_custom_1549729967892{margin-top: 110px !important;margin-bottom: 90px !important;}\u00a0\u00bb][vc_single_image image=\u00a0\u00bb250&Prime; img_size=\u00a0\u00bbmedium\u00a0\u00bb alignment=\u00a0\u00bbcenter\u00a0\u00bb][vc_single_image image=\u00a0\u00bb350&Prime; img_size=\u00a0\u00bbmedium\u00a0\u00bb add_caption=\u00a0\u00bbyes\u00a0\u00bb alignment=\u00a0\u00bbcenter\u00a0\u00bb style=\u00a0\u00bbvc_box_shadow_3d\u00a0\u00bb onclick=\u00a0\u00bblink_image\u00a0\u00bb css=\u00a0\u00bb.vc_custom_1549729995329{margin-top: 110px !important;margin-bottom: 90px !important;border-radius: 5px !important;}\u00a0\u00bb][vc_single_image image=\u00a0\u00bb250&Prime; img_size=\u00a0\u00bbmedium\u00a0\u00bb alignment=\u00a0\u00bbcenter\u00a0\u00bb][vc_single_image image=\u00a0\u00bb692&Prime; img_size=\u00a0\u00bbmedium\u00a0\u00bb add_caption=\u00a0\u00bbyes\u00a0\u00bb alignment=\u00a0\u00bbcenter\u00a0\u00bb style=\u00a0\u00bbvc_box_shadow_3d\u00a0\u00bb onclick=\u00a0\u00bblink_image\u00a0\u00bb css=\u00a0\u00bb.vc_custom_1549730019802{margin-top: 110px !important;margin-bottom: 90px !important;}\u00a0\u00bb][vc_single_image image=\u00a0\u00bb250&Prime; img_size=\u00a0\u00bbmedium\u00a0\u00bb alignment=\u00a0\u00bbcenter\u00a0\u00bb][vc_single_image image=\u00a0\u00bb354&Prime; img_size=\u00a0\u00bbmedium\u00a0\u00bb add_caption=\u00a0\u00bbyes\u00a0\u00bb alignment=\u00a0\u00bbcenter\u00a0\u00bb style=\u00a0\u00bbvc_box_shadow_3d\u00a0\u00bb onclick=\u00a0\u00bblink_image\u00a0\u00bb css=\u00a0\u00bb.vc_custom_1549730048849{margin-top: 110px !important;margin-bottom: 90px !important;}\u00a0\u00bb][vc_single_image image=\u00a0\u00bb250&Prime; img_size=\u00a0\u00bbmedium\u00a0\u00bb alignment=\u00a0\u00bbcenter\u00a0\u00bb][vc_single_image image=\u00a0\u00bb357&Prime; img_size=\u00a0\u00bbmedium\u00a0\u00bb add_caption=\u00a0\u00bbyes\u00a0\u00bb alignment=\u00a0\u00bbcenter\u00a0\u00bb style=\u00a0\u00bbvc_box_shadow_3d\u00a0\u00bb css=\u00a0\u00bb.vc_custom_1549730074697{margin-top: 90px !important;}\u00a0\u00bb][vc_single_image image=\u00a0\u00bb250&Prime; img_size=\u00a0\u00bbmedium\u00a0\u00bb alignment=\u00a0\u00bbcenter\u00a0\u00bb][\/vc_column][vc_column width=\u00a0\u00bb3\/4&Prime; css=\u00a0\u00bb.vc_custom_1501342320646{margin: 10px !important;}\u00a0\u00bb][vc_column_text css=\u00a0\u00bb.vc_custom_1566748783810{background-position: center !important;background-repeat: no-repeat !important;background-size: contain !important;}\u00a0\u00bb]<\/p>\n<p style=\"text-align: justify;\">Notre \u00ab\u00a0Maison\u00a0\u00bb est l&rsquo;id\u00e9e d&rsquo;un de nos as de la 1\u00e8re guerre, le Major Willy Coppens de Houthulst, inspir\u00e9 par l&rsquo;existence de clubs ou maisons des aviateurs o\u00f9 il \u00e9tait re\u00e7u en France, en Angleterre, en Italie, en Espagne. Il suscita l&rsquo;enthousiasme, canalisa quelques bienfaisantes \u00e9nergies et c&rsquo;est ainsi qu&rsquo;une Assembl\u00e9e constituante enfanta le 21 d\u00e9cembre 1937 de notre toujours jeune sinon florissante A.S.B.L. \u00ab\u00a0Maison des Ailes\u00a0\u00bb.<\/p>\n<p style=\"text-align: justify;\">Ce qui nous frappe en prenant quelque recul, est la volont\u00e9 des fondateurs, dont le 1er Pr\u00e9sident, le Lieutenant-G\u00e9n\u00e9ral aviateur Duvivier, Commandant de la D.A.T. ( D\u00e9fense A\u00e9rienne du Territoire ), d&rsquo;y int\u00e9resser l&rsquo;ensemble du monde a\u00e9ronautique.<\/p>\n<p style=\"text-align: justify;\">Cette Assembl\u00e9e nomme alors des administrateurs parmi lesquels citons: le Comte d&rsquo;Outremont, Pr\u00e9sident de l&rsquo;A\u00e9roclub Royal de Belgique, le Lieutenant G\u00e9n\u00e9ral Baron Wahis, Pr\u00e9sident de la Fraternelle de l&rsquo;Aviation Militaire 14-18, le G\u00e9n\u00e9ral Major Aviateur Iserantant, \u00ab\u00a0Pr\u00e9sident des Vieilles Tiges de Belgique\u00a0\u00bb, le Major Aviateur (r) Jos Vuylsteke, le Lieutenant G\u00e9n\u00e9ral Baron Greindl, Pr\u00e9sident de la Sabena, le Commandant Jacquet, le Colonel M\u00e9decin Sillevaerts, chef du Service de Sant\u00e9 de l&rsquo;A\u00e9ronautique Militaire, le Capitaine Aviateur (r) L.J. Mahieu, le G\u00e9n\u00e9ral Major Chabeau, le Comte Arnold de Looz-Corswarem, le Major Aviateur (r) H. Feneau, M. Eug\u00e8ne Hersenberg, le Major Aviateur (r) Gaston Lambert, l&rsquo;avocat Edouard Lemmens.<\/p>\n<p style=\"text-align: justify;\">Notre \u00ab\u00a0Maison des Ailes\u00a0\u00bb saisit ici l&rsquo;occasion de les citer avec reconnaissance. Ils se fixent comme premi\u00e8re t\u00e2che de r\u00e9aliser une oeuvre de soutien moral et mat\u00e9riel sous forme d&rsquo;interventions dans les frais de s\u00e9jour en \u00ab\u00a0Maison de Repos\u00a0\u00bb pour permettre \u00e0 \u00ab\u00a0ceux qui pratiquent ou ont pratiqu\u00e9 l&rsquo;aviation de jouir, dans des conditions sp\u00e9ciales, d&rsquo;un repos parfois durement gagn\u00e9 ou de retrouver le calme et la tranquillit\u00e9 dont leurs nerfs avaient besoin &#8230; \u00ab\u00a0(sic)<\/p>\n<p style=\"text-align: justify;\">En juin 1939 se r\u00e9alise le deuxi\u00e8me objectif des fondateurs, l&rsquo;inauguration de la \u00ab\u00a0Maison des Ailes\u00a0\u00bb, lieu de rencontre et de fraternisation. Le m\u00e9rite en revient surtout au Secr\u00e9taire G\u00e9n\u00e9ral, le Major Aviateur Joseph Vuylsteke et aux organisateurs du premier salon de l&rsquo;A\u00e9ronautique. Toute l&rsquo;aviation belge est pr\u00e9sente, commerciale, civile, militaire, sportive et industrielle.<\/p>\n<p style=\"text-align: justify;\">La \u00ab\u00a0Maison des Ailes\u00a0\u00bb est \u00e9tablie dans l&rsquo;h\u00f4tel de la Baronne Alb\u00e9ric Rolin, au 53, avenue des Arts. En f\u00e9vrier 1944 le Conseil d&rsquo;Administration \u00a0ach\u00e8te cet h\u00f4tel et la maison situ\u00e9e 1, rue Montoyer, notre adresse actuelle, pour 3.300.000 francs, en partie emprunt\u00e9s.<\/p>\n<p style=\"text-align: justify;\">Durant la guerre, \u00e0 part cette acquisition importante dont la \u00ab\u00a0Maison des Ailes\u00a0\u00bb vit encore aujourd&rsquo;hui, nous ne trouvons pas de trace d&rsquo;activit\u00e9.<\/p>\n<p style=\"text-align: justify;\">L&rsquo;ann\u00e9e 1950 est marqu\u00e9e par le d\u00e9c\u00e8s du secr\u00e9taire g\u00e9n\u00e9ral et fondateur de la Maison, le Colonel Vuylsteke. Disparait aussi une grande bienfaitrice, Madame Marie Monseur-Fontaine. Gr\u00e2ce \u00e0 sa g\u00e9n\u00e9rosit\u00e9, la Maison h\u00e9rite de biens importants qui lui permettent de passer des ann\u00e9es difficiles et de faire face aux amortissements des emprunts. La plus grande partie de cet h\u00e9ritage est r\u00e9serv\u00e9e aux Fonds National d&rsquo;Aide aux Oeuvres de l&rsquo;Aviation<a name=\"retour\"><\/a>(1).<br \/>\nC&rsquo;est en 1951 que fut cr\u00e9\u00e9 \u00e0 sa demande le prix Marie Monseur-Fontaine, d&rsquo;un montant de 10.000 frs, destin\u00e9 \u00e0 r\u00e9compenser un aviateur ayant accompli une performance dans l&rsquo;ann\u00e9e. En 1952 le prix est attribu\u00e9 pour la premi\u00e8re fois au Capitaine Bouzin.<\/p>\n<p style=\"text-align: justify;\">La Maison des Ailes se voit \u00e9galement confier l&rsquo;octroi de bourses d&rsquo;\u00e9tudes conform\u00e9ment au d\u00e9sir du donateur du capital \u00ab\u00a0Fonds des Ailes pour bourses d&rsquo;\u00e9tudes\u00a0\u00bb<\/p>\n<p style=\"text-align: justify;\">En 1955, la Maison entre dans une \u00e8re de prosp\u00e9rit\u00e9 endeuill\u00e9e par le d\u00e9c\u00e8s de son Pr\u00e9sident Fondateur, le Lieutenant G\u00e9n\u00e9ral Aviateur Duvivier. Des pr\u00eats sont consentis; les prix attribu\u00e9s; l&rsquo;H\u00f4tel de l&rsquo;avenue des Arts et la maison de la rue Montoyer sont r\u00e9nov\u00e9s, rafra\u00eechis et am\u00e9nag\u00e9s. L&rsquo;activit\u00e9 des membres est intense. La pr\u00e9sidence de la Maison des Ailes revient bien naturellement au Lieutenant G\u00e9n\u00e9ral Aviateur \u00a0Lucien \u00a0Leboutte D.F.C., aur\u00e9ol\u00e9 d&rsquo;un prestige et d&rsquo;un respect unanime.<\/p>\n<p style=\"text-align: justify;\">De 1958 \u00e0 1962 l&rsquo;\u00e9volution est importante et la d\u00e9cision de d\u00e9molir l&rsquo;immeuble de la rue Montoyer et de le reconstruire en y am\u00e9nageant de logements sera compl\u00e9t\u00e9e ult\u00e9rieurement par la vente du 53, avenue des Arts dont les frais d&rsquo;entretien deviennent prohibitifs; cette vente sera effectu\u00e9e en 1968.<br \/>\nGr\u00e2ce \u00e0 cette vente le passif pourra \u00eatre absorb\u00e9 et le nouvel immeuble pourra recevoir les am\u00e9nagements que nous lui connaissons \u00e0 ce jour.<\/p>\n<p style=\"text-align: justify;\">La salle du Ch\u00e2pitre de la Confr\u00e9rie du Cardinal PAF d\u00e9cor\u00e9e par un des membres, le peintre Jean Dratz, devient le restaurant au sous-sol ; la cuisine y est \u00e9galement install\u00e9e. L&rsquo;entr\u00e9e, hall de r\u00e9ception et les vestiaires sont \u00e9tablis rue Montoyer.<\/p>\n<p style=\"text-align: justify;\">Avec le recul et \u00e0 la lecture des comptes-rendus d&rsquo;assembl\u00e9es, il nous para\u00eet \u00e9vident que la Maison des Ailes, m\u00eame \u00e0 sa p\u00e9riode faste de 1958 \u00e0 1968 est pass\u00e9e par de s\u00e9rieuses difficult\u00e9s de gestion dont les racines sont toujours identiques: appui aux organismes d&rsquo;affili\u00e9s, mais faible fr\u00e9quentation pour des services parfois haut de gamme avec pertes au bar et au restaurant, frais de fonctionnement et d&rsquo;entretien trop \u00e9lev\u00e9s.<\/p>\n<p style=\"text-align: justify;\">En 1969 intervient une modification importante des statuts qui permet au personnel parachutiste de devenir membre actif en sus de tout personnel navigant ou ex-militaires ou civil; s&rsquo;y ajoutent les membres adh\u00e9rents proches de l&rsquo;aviation et sympathisants de la Maison des Ailes.<\/p>\n<p style=\"text-align: justify;\">N\u00e9anmoins, le manque d&rsquo;assiduit\u00e9 des membres ou d&rsquo;int\u00e9r\u00eat de la Force A\u00e9rienne pour la vie du Club, les fluctuations dans la rentabilit\u00e9 des diff\u00e9rents composants, bar, table, h\u00f4tel, la location de surface \u00e0 des organismes de l&rsquo;aviation cr\u00e9ent de s\u00e9rieux soucis, il faudra attendre 1984 pour que la barre soit redress\u00e9e, et que les comptes deviennent enfin positifs.<\/p>\n<p style=\"text-align: justify;\">La gestion est reprise en main par un groupe restreint d&rsquo;administrateurs. D\u00e8s 1986 le Col Avi e.r. Maus s&rsquo;investit b\u00e9n\u00e9volement avec le Col Avi e.r. Paul Coucke au respect des r\u00e8gles de gestion journali\u00e8re et au r\u00e8glement d&rsquo;innombrables probl\u00e8mes parfois \u00e9pineux.<\/p>\n<p style=\"text-align: justify;\">La Maison atteint en 1988 ce que l&rsquo;on pourrait appeler son r\u00e9gime de croisi\u00e8re avec environ 500 membres. Elle sert de point d&rsquo;ancrage \u00e0 quelques 59 associations, soci\u00e9t\u00e9s et groupes divers proches de l&rsquo;aviation. En 2017, ces chiffres sont de 350 membres et 30 associations.<\/p>\n<p style=\"text-align: justify;\">Seule ombre au tableau, Fonavibel et les Cadets de l&rsquo;Air l&rsquo;ont quitt\u00e9e depuis 1976. D\u00e8s cette \u00e9poque, la Maison des Ailes a identifi\u00e9 la n\u00e9cessit\u00e9 d&rsquo;int\u00e9resser les plus jeunes \u00e0 ses activit\u00e9s et de promouvoir ce lieu de rencontre privil\u00e9gi\u00e9 entre les g\u00e9n\u00e9rations.<\/p>\n<p style=\"text-align: justify;\">Il faut attendre 1990, pour que naisse le projet de rapprocher la Maison de la Force A\u00e9rienne en se regroupant avec le Cercle Sportif de l&rsquo;Avia, les Cadets de l&rsquo;Air et Fonavibel au sein d&rsquo;un site unique.<br \/>\nCe projet ne se r\u00e9alisera pas pour de multiples raisons. Il aurait sans doute permis d&rsquo;ancrer la jeune g\u00e9n\u00e9ration \u00e0 la Maison et aurait apport\u00e9 un sang nouveau.<\/p>\n<p style=\"text-align: justify;\">Entre-temps, en 1986, vu son \u00e2ge, le Lieutenant G\u00e9n\u00e9ral Avi L. Leboutte D.F.C. donne sa d\u00e9mission de Pr\u00e9sident; il reste n\u00e9anmoins Pr\u00e9sident honoraire et propose de nommer \u00e0 la pr\u00e9sidence,\u00a0Lieutenant G\u00e9n\u00e9ral Avi J. Lefebvre, chef d&rsquo;Etat-Major. Apr\u00e8s le d\u00e9c\u00e8s de ce dernier en 1995, le G\u00e9n\u00e9ral Major Aviateur e.r. Camille Goossens lui succ\u00e8de et restera au commande jusqu&rsquo;en mars 2017.<\/p>\n<p style=\"text-align: justify;\">La Maison des Ailes cr\u00e9e en 1990 le Fonds Lucien Leboutte destin\u00e9 \u00e0 pr\u00eater l&rsquo;argent n\u00e9cessaire \u00e0 des candidats agr\u00e9es pour l&rsquo;obtention de licences de pilotes professionnels ou de ligne.<\/p>\n<p style=\"text-align: justify;\">Une sage d\u00e9cision de gestion ferme l&rsquo;h\u00f4tel et permet la transformation des chambres en bureaux qui trouvent preneurs sans peine et repr\u00e9sentent une source bienvenue de revenus. Depuis lors de nombreuses am\u00e9liorations et rafra\u00eechissements des locaux ont \u00e9t\u00e9 r\u00e9alis\u00e9s, la gestion est saine, la Maison des Ailes veille \u00e0 pr\u00e9server \u00a0ses fonctions et \u00a0de se rapprocher \u00e0 nouveau des objectifs de ses fondateurs.<\/p>\n<p style=\"text-align: justify;\">Il est significatif d&rsquo;en trouver trace dans les changements de statuts adopt\u00e9 par l&rsquo;AG du 12 juin 1996:<\/p>\n<p style=\"text-align: justify;\">&#8211; la maison re\u00e7oit son appellation n\u00e9erlandaise \u00ab\u00a0Huis der Vleugels\u00a0\u00bb ;<br \/>\n&#8211; des statuts bilingues sont publi\u00e9s ;<br \/>\n&#8211; la maison est rendue accessible \u00e0 de nouvelles cat\u00e9gories de membres parmi les militaires en service actif de la FA\u00e9, des aviateurs de l&rsquo;Aviation L\u00e9g\u00e8re, de la Gendarmerie et du R\u00e9giment Para Commando.<\/p>\n<p style=\"text-align: justify;\">Pour son 60<sup>i\u00e8me<\/sup> anniversaire, S.M. le Roi Albert II accorde \u00e0 l&rsquo;A.S.B.L. la \u00ab\u00a0Maison des Ailes\u00a0\u00bb son Haut Patronage.<\/p>\n<p style=\"text-align: justify;\">Depuis mars 2017, la pr\u00e9sidence de la Maison des Ailes est assur\u00e9e par le Lieutenant G\u00e9n\u00e9ral e.r. Fran\u00e7ois Florkin.<\/p>\n<p style=\"text-align: justify;\"><a name=\"(1)\"><\/a>(1)<em> Une plaque comm\u00e9morative est install\u00e9e dans le hall d&rsquo;entr\u00e9e. Une peinture-portrait de Madame Marie Monseur-Fontaine orne la Salle du Conseil.<\/em><\/p>\n<div id=\"ConnectiveDocSignExtentionInstalled\" data-extension-version=\"1.0.4\"><\/div>\n<div id=\"ConnectiveDocSignExtentionInstalled\" data-extension-version=\"1.0.4\"><\/div>\n<p>[\/vc_column_text][\/vc_column][\/vc_row]<\/p>\n<\/div>","protected":false},"excerpt":{"rendered":"<p>[vc_row margin_top=\u00a0\u00bb50&Prime; css=\u00a0\u00bb.vc_custom_1500827229081{margin-bottom: 50px !important;}\u00a0\u00bb][vc_column css_animation=\u00a0\u00bbtop-to-bottom\u00a0\u00bb width=\u00a0\u00bb1\/4&Prime; css=\u00a0\u00bb.vc_custom_1548178590594{border-top-width: 1px !important;border-right-width: 1px !important;border-bottom-width: 1px !important;border-left-width: 1px !important;background-color: rgba(166,221,221,0.34) !important;*background-color: rgb(166,221,221) !important;border-left-color: #7098bf !important;border-left-style: solid !important;border-right-color: #7098bf !important;border-right-style: solid !important;border-top-color: #7098bf !important;border-top-style: solid !important;border-bottom-color: #7098bf !important;border-bottom-style: solid !important;border-radius: 5px !important;}\u00a0\u00bb][vc_column_text css=\u00a0\u00bb.vc_custom_1540650795357{background-position: center !important;background-repeat: no-repeat !important;background-size: contain !important;}\u00a0\u00bb] Les pr\u00e9sidents de la Maison des Ailes au fil du&hellip;<\/p>\n","protected":false},"author":1,"featured_media":0,"parent":0,"menu_order":0,"comment_status":"closed","ping_status":"closed","template":"","meta":{"om_disable_all_campaigns":false,"_monsterinsights_skip_tracking":false,"_monsterinsights_sitenote_active":false,"_monsterinsights_sitenote_note":"","_monsterinsights_sitenote_category":0,"_uf_show_specific_survey":0,"_uf_disable_surveys":false,"footnotes":""},"class_list":["post-681","page","type-page","status-publish","hentry","description-off"],"aioseo_notices":[],"_links":{"self":[{"href":"https:\/\/www.mda-hdv.be\/fr\/wp-json\/wp\/v2\/pages\/681","targetHints":{"allow":["GET"]}}],"collection":[{"href":"https:\/\/www.mda-hdv.be\/fr\/wp-json\/wp\/v2\/pages"}],"about":[{"href":"https:\/\/www.mda-hdv.be\/fr\/wp-json\/wp\/v2\/types\/page"}],"author":[{"embeddable":true,"href":"https:\/\/www.mda-hdv.be\/fr\/wp-json\/wp\/v2\/users\/1"}],"replies":[{"embeddable":true,"href":"https:\/\/www.mda-hdv.be\/fr\/wp-json\/wp\/v2\/comments?post=681"}],"version-history":[{"count":0,"href":"https:\/\/www.mda-hdv.be\/fr\/wp-json\/wp\/v2\/pages\/681\/revisions"}],"wp:attachment":[{"href":"https:\/\/www.mda-hdv.be\/fr\/wp-json\/wp\/v2\/media?parent=681"}],"curies":[{"name":"wp","href":"https:\/\/api.w.org\/{rel}","templated":true}]}}